{"id":91559,"date":"2026-08-05T10:51:42","date_gmt":"2026-08-05T09:51:42","guid":{"rendered":"https:\/\/spaziospadoni.org\/?page_id=91559"},"modified":"2026-08-21T13:25:48","modified_gmt":"2026-08-21T12:25:48","slug":"plano-de-acao","status":"publish","type":"page","link":"https:\/\/spaziospadoni.org\/pt-pt\/plano-de-acao\/","title":{"rendered":"Plano de a\u00e7\u00e3o"},"content":{"rendered":"\n<div class=\"timelineSpazioSpadoni\">\n<h2 id=\"as-etapas-de-spazio-spadoni-de-2020-ate-hoje\" class=\"gb-text gb-text-697b0451\">As etapas de spazio + spadoni de 2020 at\u00e9 hoje<\/h2>\n\n\n\n<p class=\"wp-block-paragraph\">De 2020 at\u00e9 hoje, recordamos <strong>as principais etapas de spazio + spadoni<\/strong>: projetos HIC SUM, encontros, atividades de forma\u00e7\u00e3o e iniciativas dedicadas \u00e0s Obras de Miseric\u00f3rdia em It\u00e1lia e no mundo.<\/p>\n\n\n\n<details class=\"wp-block-details ss-timeline is-layout-flow wp-block-details-is-layout-flow\"><summary><span class=\"ss-timeline-year\">2020<\/span><span class=\"ss-timeline-count\">13 etapas<\/span><\/summary>\n\n\n<div class=\"ss-timeline-item ss-cat-evento\">\n<p class=\"gb-text\">15.07 | <span class=\"ss-category-label\">Evento<\/span> G.eMMe \u2013 Jovens das Confrarias da Miseric\u00f3rdia da Versilia em S\u00e3o Cerb\u00f3nio<\/p>\n<\/div>\n\n\n\n<div class=\"ss-timeline-item ss-cat-hic\">\n<p class=\"gb-text\">04.09 | <span class=\"ss-category-label\">HIC SUM<\/span> <a href=\"https:\/\/spaziospadoni.org\/pt-pt\/hic-sum\/republica-democratica-do-congo-africa-projeto-1-de-72\/\" title=\"Projeto HIC SUM n.\u00ba 1 \u2013 Rep\u00fablica Democr\u00e1tica do Congo: detalhes e objetivos\">In\u00edcio do projeto HIC SUM n.\u00ba 1<\/a><\/p>\n<\/div>\n\n\n\n<div class=\"ss-timeline-item ss-cat-evento\">\n<p class=\"gb-text\">05.09 | <span class=\"ss-category-label\">Evento<\/span> Jovens animadores das Confrarias da Miseric\u00f3rdia em S\u00e3o Cerb\u00f3nio<\/p>\n<\/div>\n\n\n\n<div class=\"ss-timeline-item ss-cat-evento\">\n<p class=\"gb-text\">11.09 | <span class=\"ss-category-label\">Evento<\/span> Inaugura\u00e7\u00e3o do spazio + spadoni<\/p>\n<\/div>\n\n\n\n<div class=\"ss-timeline-item ss-cat-hic\">\n<p class=\"gb-text\">18.09 | <span class=\"ss-category-label\">HIC SUM<\/span> <a href=\"https:\/\/spaziospadoni.org\/pt-pt\/hic-sum\/nigeria-africa-projeto-2-de-72\/\" title=\"Projeto HIC SUM n.\u00ba 2 \u2013 Nig\u00e9ria: detalhes e objetivos\">In\u00edcio do projeto HIC SUM n.\u00ba 2<\/a><\/p>\n<\/div>\n\n\n\n<div class=\"ss-timeline-item ss-cat-evento\">\n<p class=\"gb-text\">03\u201304.10 | <span class=\"ss-category-label\">Evento<\/span> Exerc\u00edcios espirituais da Confraria da Miseric\u00f3rdia de Lido di Camaiore em S\u00e3o Cerb\u00f3nio<\/p>\n<\/div>\n\n\n\n<div class=\"ss-timeline-item ss-cat-hic\">\n<p class=\"gb-text\">07.10 | <span class=\"ss-category-label\">HIC SUM<\/span> <a href=\"https:\/\/spaziospadoni.org\/pt-pt\/hic-sum\/brasil-america-projeto-3-de-72\/\" title=\"Projeto HIC SUM n.\u00ba 3 \u2013 Brasil: detalhes e objetivos\">In\u00edcio do projeto HIC SUM n.\u00ba 3<\/a><\/p>\n<\/div>\n\n\n\n<div class=\"ss-timeline-item ss-cat-evento\">\n<p class=\"gb-text\">18.10 | <span class=\"ss-category-label\">Evento<\/span> Vig\u00edlia mission\u00e1ria em S\u00e3o Cerb\u00f3nio<\/p>\n<\/div>\n\n\n\n<div class=\"ss-timeline-item ss-cat-evento\">\n<p class=\"gb-text\">06.11 | <span class=\"ss-category-label\">Evento<\/span> Forma\u00e7\u00e3o para ministrar forma\u00e7\u00e3o online<\/p>\n<\/div>\n\n\n\n<div class=\"ss-timeline-item ss-cat-evento\">\n<p class=\"gb-text\">22.11 | <span class=\"ss-category-label\">Evento<\/span> Grava\u00e7\u00e3o do an\u00fancio mission\u00e1rio com a NoiTv<\/p>\n<\/div>\n\n\n\n<div class=\"ss-timeline-item ss-cat-evento\">\n<p class=\"gb-text\">28.11 | <span class=\"ss-category-label\">Evento<\/span> Grava\u00e7\u00e3o do an\u00fancio de Natal com as Confrarias da Miseric\u00f3rdia e a NoiTv<\/p>\n<\/div>\n\n\n\n<div class=\"ss-timeline-item ss-cat-hic\">\n<p class=\"gb-text\">30.11 | <span class=\"ss-category-label\">HIC SUM<\/span> <a href=\"https:\/\/spaziospadoni.org\/pt-pt\/hic-sum\/costa-do-marfim-africa-projeto-9-de-72\/\" title=\"Projeto HIC SUM n.\u00ba 9 \u2013 Costa do Marfim: detalhes e objetivos\">In\u00edcio do projeto HIC SUM n.\u00ba 9<\/a><\/p>\n<\/div>\n\n\n\n<div class=\"ss-timeline-item ss-cat-incontro\">\n<p class=\"gb-text\">15.12 | <span class=\"ss-category-label\">Encontro<\/span> Encontros mission\u00e1rios online \u00abAs ter\u00e7as-feiras do spazio + spadoni\u00bb \u2013 Marta Avesani<\/p>\n<\/div>\n\n<\/details>\n\n\n\n<details class=\"wp-block-details ss-timeline is-layout-flow wp-block-details-is-layout-flow\"><summary><span class=\"ss-timeline-year\">2021<\/span><span class=\"ss-timeline-count\">28 etapas<\/span><\/summary>\n\n\n<div class=\"ss-timeline-item ss-cat-incontro\">\n<p class=\"gb-text\">12.01 | <span class=\"ss-category-label\">Encontro<\/span> Encontros mission\u00e1rios online \u00abAs ter\u00e7as-feiras do spazio + spadoni\u00bb \u2013 Irm\u00e3o Francesco D\u2019Aiuto \u2013 Brasil<\/p>\n<\/div>\n\n\n\n<div class=\"ss-timeline-item ss-cat-evento\">\n<p class=\"gb-text\">20.01 | <span class=\"ss-category-label\">Evento<\/span> Irm\u00e3 Laura Gemignani em S\u00e3o Cerb\u00f3nio<\/p>\n<\/div>\n\n\n\n<div class=\"ss-timeline-item ss-cat-incontro\">\n<p class=\"gb-text\">02.02 | <span class=\"ss-category-label\">Encontro<\/span> Encontros mission\u00e1rios online \u00abAs ter\u00e7as-feiras do spazio + spadoni\u00bb \u2013 Diego Dalle Carbonare \u2013 Sud\u00e3o<\/p>\n<\/div>\n\n\n\n<div class=\"ss-timeline-item ss-cat-hic\">\n<p class=\"gb-text\">13.02 | <span class=\"ss-category-label\">HIC SUM<\/span> <a href=\"https:\/\/spaziospadoni.org\/pt-pt\/hic-sum\/nigeria-africa-projeto-5-de-72\/\" title=\"Projeto HIC SUM n.\u00ba 5 \u2013 Nig\u00e9ria: detalhes e objetivos\">In\u00edcio do projeto HIC SUM n.\u00ba 5<\/a><\/p>\n<\/div>\n\n\n\n<div class=\"ss-timeline-item ss-cat-incontro\">\n<p class=\"gb-text\">23.02 | <span class=\"ss-category-label\">Encontro<\/span> Encontros mission\u00e1rios online \u00abAs ter\u00e7as-feiras do spazio + spadoni\u00bb \u2013 Irm\u00e3 Hyacinthe \u2013 Burundi<\/p>\n<\/div>\n\n\n\n<div class=\"ss-timeline-item ss-cat-hic\">\n<p class=\"gb-text\">27.04 | <span class=\"ss-category-label\">HIC SUM<\/span> <a href=\"https:\/\/spaziospadoni.org\/pt-pt\/hic-sum\/togo-africa-projeto-6-de-72\/\" title=\"Projeto HIC SUM n.\u00ba 6 \u2013 Togo: detalhes e objetivos\">In\u00edcio do projeto HIC SUM n.\u00ba 6<\/a><\/p>\n<\/div>\n\n\n\n<div class=\"ss-timeline-item ss-cat-hic\">\n<p class=\"gb-text\">10.05 | <span class=\"ss-category-label\">HIC SUM<\/span> <a href=\"https:\/\/spaziospadoni.org\/pt-pt\/hic-sum\/india-asia-projeto-8-de-72\/\" title=\"Projeto HIC SUM n.\u00ba 8 \u2013 \u00cdndia: detalhes e objetivos\">In\u00edcio do projeto HIC SUM n.\u00ba 8<\/a><\/p>\n<\/div>\n\n\n\n<div class=\"ss-timeline-item ss-cat-incontro\">\n<p class=\"gb-text\">25.01 | <span class=\"ss-category-label\">Encontro<\/span> Encontros mission\u00e1rios online \u00abAs ter\u00e7as-feiras do spazio + spadoni\u00bb \u2013 Irm\u00e3 Elisa Schiavo \u2013 Chade<\/p>\n<\/div>\n\n\n\n<div class=\"ss-timeline-item ss-cat-evento\">\n<p class=\"gb-text\">03\u201304.06 | <span class=\"ss-category-label\">Evento<\/span> Forma\u00e7\u00e3o para religiosas em S\u00e3o Cerb\u00f3nio<\/p>\n<\/div>\n\n\n\n<div class=\"ss-timeline-item ss-cat-evento\">\n<p class=\"gb-text\">12.06 | <span class=\"ss-category-label\">Evento<\/span> spazio + spadoni na Coordena\u00e7\u00e3o das Confrarias da Miseric\u00f3rdia da \u00dambria<\/p>\n<\/div>\n\n\n\n<div class=\"ss-timeline-item ss-cat-evento\">\n<p class=\"gb-text\">19.06 | <span class=\"ss-category-label\">Evento<\/span> Interven\u00e7\u00e3o do spazio + spadoni na Assembleia Nacional das Confrarias da Miseric\u00f3rdia<\/p>\n<\/div>\n\n\n\n<div class=\"ss-timeline-item ss-cat-evento\">\n<p class=\"gb-text\">22.06 | <span class=\"ss-category-label\">Evento<\/span> Luigino Bruni em S\u00e3o Cerb\u00f3nio<\/p>\n<\/div>\n\n\n\n<div class=\"ss-timeline-item ss-cat-hic\">\n<p class=\"gb-text\">18.07 | <span class=\"ss-category-label\">HIC SUM<\/span> Inizio progetti HIC SUM \u2013 n\u00b0<a href=\"https:\/\/spaziospadoni.org\/pt-pt\/hic-sum\/burundi-africa-projeto-10-de-72\/\" title=\"Projeto HIC SUM n.\u00ba 10 \u2013 Burundi: detalhes e objetivos\">10<\/a> \u2013 n.\u00ba<a href=\"https:\/\/spaziospadoni.org\/pt-pt\/hic-sum\/burundi-africa-projeto-14-de-72\/\" title=\"Projeto HIC SUM n.\u00ba 14 \u2013 Burundi: detalhes e objetivos\">14<\/a> \u2013 n.\u00ba<a href=\"https:\/\/spaziospadoni.org\/pt-pt\/hic-sum\/burundi-africa-projeto-15-de-72\/\" title=\"Projeto HIC SUM n.\u00ba 15 \u2013 Burundi: detalhes e objetivos\">15<\/a><\/p>\n<\/div>\n\n\n\n<div class=\"ss-timeline-item ss-cat-evento\">\n<p class=\"gb-text\">25.07 | <span class=\"ss-category-label\">Evento<\/span> As religiosas do spazio + spadoni destacam a import\u00e2ncia do Dia dos Av\u00f3s com fotos e atividades<\/p>\n<\/div>\n\n\n\n<div class=\"ss-timeline-item ss-cat-hic\">\n<p class=\"gb-text\">02.08 | <span class=\"ss-category-label\">HIC SUM<\/span> Inizio progetti HIC SUM \u2013 n\u00b0<a href=\"https:\/\/spaziospadoni.org\/pt-pt\/hic-sum\/nigeria-africa-projeto-7-de-72\/\" title=\"Projeto HIC SUM n.\u00ba 7 \u2013 Nig\u00e9ria: detalhes e objetivos\">7<\/a> \u2013 n.\u00ba<a href=\"https:\/\/spaziospadoni.org\/pt-pt\/hic-sum\/nigeria-africa-projeto-13-de-72\/\" title=\"Projeto HIC SUM n.\u00ba 13 \u2013 Nig\u00e9ria: detalhes e objetivos\">13<\/a><\/p>\n<\/div>\n\n\n\n<div class=\"ss-timeline-item ss-cat-evento\">\n<p class=\"gb-text\">06\u201311.09 | <span class=\"ss-category-label\">Evento<\/span> Conven\u00e7\u00e3o spazio + spadoni \u00abDar espa\u00e7o \u00e0 reciprocidade\u00bb em S\u00e3o Cerb\u00f3nio<\/p>\n<\/div>\n\n\n\n<div class=\"ss-timeline-item ss-cat-hic\">\n<p class=\"gb-text\">13.09 | <span class=\"ss-category-label\">HIC SUM<\/span> <a href=\"https:\/\/spaziospadoni.org\/pt-pt\/hic-sum\/nigeria-africa-projeto-4-de-72\/\" title=\"Projeto HIC SUM n.\u00ba 4 \u2013 Nig\u00e9ria: detalhes e objetivos\">In\u00edcio do projeto HIC SUM n.\u00ba 4<\/a><\/p>\n<\/div>\n\n\n\n<div class=\"ss-timeline-item ss-cat-hic\">\n<p class=\"gb-text\">15.09 | <span class=\"ss-category-label\">HIC SUM<\/span> Inizio progetti HIC SUM \u2013 n\u00b0<a href=\"https:\/\/spaziospadoni.org\/pt-pt\/hic-sum\/republica-democratica-do-congo-africa-projeto-16-de-72\/\" title=\"Projeto HIC SUM n.\u00ba 16 \u2013 Rep\u00fablica Democr\u00e1tica do Congo: detalhes e objetivos\">16<\/a> \u2013 n.\u00ba<a href=\"https:\/\/spaziospadoni.org\/pt-pt\/hic-sum\/republica-democratica-do-congo-africa-projeto-17-de-72\/\" title=\"Projeto HIC SUM n.\u00ba 17 \u2013 Rep\u00fablica Democr\u00e1tica do Congo: detalhes e objetivos\">17<\/a><\/p>\n<\/div>\n\n\n\n<div class=\"ss-timeline-item ss-cat-evento\">\n<p class=\"gb-text\">15.09 | <span class=\"ss-category-label\">Evento<\/span> spazio + spadoni \u00e9 recebido pelo cardeal Bassetti<\/p>\n<\/div>\n\n\n\n<div class=\"ss-timeline-item ss-cat-hic\">\n<p class=\"gb-text\">02.10 | <span class=\"ss-category-label\">HIC SUM<\/span> <a href=\"https:\/\/spaziospadoni.org\/pt-pt\/hic-sum\/republica-democratica-do-congo-africa-projeto-18-e-19-de-72\/\" title=\"Projeto HIC SUM n.\u00ba 18\u201319 \u2013 Rep\u00fablica Democr\u00e1tica do Congo: detalhes e objetivos\">In\u00edcio dos projetos HIC SUM n.\u00ba 18 e 19<\/a><\/p>\n<\/div>\n\n\n\n<div class=\"ss-timeline-item ss-cat-incontro\">\n<p class=\"gb-text\">12\u201313.10 | <span class=\"ss-category-label\">Encontro<\/span> O padre Jacques Mourad, bispo de Homs desde 2023, encontra-se com o spazio + spadoni em S\u00e3o Cerb\u00f3nio<\/p>\n<\/div>\n\n\n\n<div class=\"ss-timeline-item ss-cat-evento\">\n<p class=\"gb-text\">13.10 | <span class=\"ss-category-label\">Evento<\/span> Irm\u00e3 Hyacinthe visita S\u00e3o Cerb\u00f3nio<\/p>\n<\/div>\n\n\n\n<div class=\"ss-timeline-item ss-cat-hic\">\n<p class=\"gb-text\">27.10 | <span class=\"ss-category-label\">HIC SUM<\/span> <a href=\"https:\/\/spaziospadoni.org\/pt-pt\/hic-sum\/tanzania-africa-projeto-21-de-72\/\" title=\"Projeto HIC SUM n.\u00ba 21 \u2013 Tanz\u00e2nia: detalhes e objetivos\">In\u00edcio do projeto HIC SUM n.\u00ba 21<\/a><\/p>\n<\/div>\n\n\n\n<div class=\"ss-timeline-item ss-cat-hic\">\n<p class=\"gb-text\">17.11 | <span class=\"ss-category-label\">HIC SUM<\/span> Inizio progetti HIC SUM \u2013 n\u00b0<a href=\"https:\/\/spaziospadoni.org\/pt-pt\/hic-sum\/tanzania-africa-projeto-22-de-72\/\" title=\"Projeto HIC SUM n.\u00ba 22 \u2013 Tanz\u00e2nia: detalhes e objetivos\">22<\/a> \u2013 n.\u00ba<a href=\"https:\/\/spaziospadoni.org\/pt-pt\/hic-sum\/malawi-africa-projeto-23-de-72\/\" title=\"Projeto HIC SUM n.\u00ba 23 \u2013 Mal\u00e1ui: detalhes e objetivos\">23<\/a><\/p>\n<\/div>\n\n\n\n<div class=\"ss-timeline-item ss-cat-incontro\">\n<p class=\"gb-text\">30.11 | <span class=\"ss-category-label\">Encontro<\/span> Encontros mission\u00e1rios online \u00abAs ter\u00e7as-feiras do spazio + spadoni\u00bb \u2013 Padre Jacques Mourad \u2013 S\u00edria<\/p>\n<\/div>\n\n\n\n<div class=\"ss-timeline-item ss-cat-evento\">\n<p class=\"gb-text\">18.12 | <span class=\"ss-category-label\">Evento<\/span> Luz de Bel\u00e9m em S\u00e3o Cerb\u00f3nio<\/p>\n<\/div>\n\n\n\n<div class=\"ss-timeline-item ss-cat-evento\">\n<p class=\"gb-text\">21.12 | <span class=\"ss-category-label\">Evento<\/span> Brinde de Natal<\/p>\n<\/div>\n\n\n\n<div class=\"ss-timeline-item ss-cat-hic\">\n<p class=\"gb-text\">27.12 | <span class=\"ss-category-label\">HIC SUM<\/span> <a href=\"https:\/\/spaziospadoni.org\/pt-pt\/hic-sum\/republica-democratica-do-congo-africa-projeto-24-de-72\/\" title=\"Projeto HIC SUM n.\u00ba 24 \u2013 Rep\u00fablica Democr\u00e1tica do Congo: detalhes e objetivos\">In\u00edcio do projeto HIC SUM n.\u00ba 24<\/a><\/p>\n<\/div>\n\n<\/details>\n\n\n\n<details class=\"wp-block-details ss-timeline is-layout-flow wp-block-details-is-layout-flow\"><summary><span class=\"ss-timeline-year\">2022<\/span><span class=\"ss-timeline-count\">31 etapas<\/span><\/summary>\n\n\n<div class=\"ss-timeline-item ss-cat-hic\">\n<p class=\"gb-text\">03.01 | <span class=\"ss-category-label\">HIC SUM<\/span> <a href=\"https:\/\/spaziospadoni.org\/pt-pt\/hic-sum\/burkina-faso-africa-projeto-31-de-72\/\" title=\"Projeto HIC SUM n.\u00ba 31 \u2013 Burquina Faso: detalhes e objetivos\">In\u00edcio do projeto HIC SUM n.\u00ba 31<\/a><\/p>\n<\/div>\n\n\n\n<div class=\"ss-timeline-item ss-cat-hic\">\n<p class=\"gb-text\">08.01 | <span class=\"ss-category-label\">HIC SUM<\/span> <a href=\"https:\/\/spaziospadoni.org\/pt-pt\/hic-sum\/uganda-africa-projeto-26-de-72\/\" title=\"Projeto HIC SUM n.\u00ba 26 \u2013 Uganda: detalhes e objetivos\">In\u00edcio do projeto HIC SUM n.\u00ba 26<\/a><\/p>\n<\/div>\n\n\n\n<div class=\"ss-timeline-item ss-cat-hic\">\n<p class=\"gb-text\">10.01 | <span class=\"ss-category-label\">HIC SUM<\/span> <a href=\"https:\/\/spaziospadoni.org\/pt-pt\/hic-sum\/quenia-africa-projeto-27-de-72\/\" title=\"Projeto HIC SUM n.\u00ba 27 \u2013 Qu\u00e9nia: detalhes e objetivos\">In\u00edcio do projeto HIC SUM n.\u00ba 27<\/a><\/p>\n<\/div>\n\n\n\n<div class=\"ss-timeline-item ss-cat-incontro\">\n<p class=\"gb-text\">25.01 | <span class=\"ss-category-label\">Encontro<\/span> Encontros mission\u00e1rios online \u00abAs ter\u00e7as-feiras do spazio + spadoni\u00bb \u2013 Irm\u00e3 Laura Gemignani \u2013 Uganda<\/p>\n<\/div>\n\n\n\n<div class=\"ss-timeline-item ss-cat-hic\">\n<p class=\"gb-text\">04.02 | <span class=\"ss-category-label\">HIC SUM<\/span> In\u00edcio do projeto HIC SUM n.\u00ba 25<\/p>\n<\/div>\n\n\n\n<div class=\"ss-timeline-item ss-cat-hic\">\n<p class=\"gb-text\">21.02 | <span class=\"ss-category-label\">HIC SUM<\/span> Inizio progetti HIC SUM \u2013 n\u00b0<a href=\"https:\/\/spaziospadoni.org\/pt-pt\/hic-sum\/ruanda-africa-projeto-28-de-72\/\" title=\"Projeto HIC SUM n.\u00ba 28 \u2013 Ruanda: detalhes e objetivos\">28<\/a> \u2013 n.\u00ba<a href=\"https:\/\/spaziospadoni.org\/pt-pt\/hic-sum\/republica-democratica-do-congo-africa-projeto-29-de-72\/\" title=\"Projeto HIC SUM n.\u00ba 29 \u2013 Rep\u00fablica Democr\u00e1tica do Congo: detalhes e objetivos\">29<\/a><\/p>\n<\/div>\n\n\n\n<div class=\"ss-timeline-item ss-cat-incontro\">\n<p class=\"gb-text\">22.02 | <span class=\"ss-category-label\">Encontro<\/span> Encontros mission\u00e1rios online \u00abAs ter\u00e7as-feiras do spazio + spadoni\u00bb \u2013 Irm\u00e3 Perpetue \u2013 Rep\u00fablica Democr\u00e1tica do Congo<\/p>\n<\/div>\n\n\n\n<div class=\"ss-timeline-item ss-cat-hic\">\n<p class=\"gb-text\">22.03 | <span class=\"ss-category-label\">HIC SUM<\/span> <a href=\"https:\/\/spaziospadoni.org\/pt-pt\/hic-sum\/tanzania-africa-projeto-30-de-72\/\" title=\"Projeto HIC SUM n.\u00ba 30 \u2013 Tanz\u00e2nia: detalhes e objetivos\">In\u00edcio do projeto HIC SUM n.\u00ba 30<\/a><\/p>\n<\/div>\n\n\n\n<div class=\"ss-timeline-item ss-cat-hic\">\n<p class=\"gb-text\">29.03 | <span class=\"ss-category-label\">HIC SUM<\/span> <a href=\"https:\/\/spaziospadoni.org\/pt-pt\/hic-sum\/timor-leste-asia-projeto-33-de-72\/\" title=\"Projeto HIC SUM n.\u00ba 33 \u2013 Timor-Leste: detalhes e objetivos\">In\u00edcio do projeto HIC SUM n.\u00ba 33<\/a><\/p>\n<\/div>\n\n\n\n<div class=\"ss-timeline-item ss-cat-incontro\">\n<p class=\"gb-text\">29.03 | <span class=\"ss-category-label\">Encontro<\/span> Encontros mission\u00e1rios online \u00abAs ter\u00e7as-feiras do spazio + spadoni\u00bb \u2013 Luigi Butori \u2013 Tail\u00e2ndia e Vietname<\/p>\n<\/div>\n\n\n\n<div class=\"ss-timeline-item ss-cat-hic\">\n<p class=\"gb-text\">19.04 | <span class=\"ss-category-label\">HIC SUM<\/span> <a href=\"https:\/\/spaziospadoni.org\/pt-pt\/hic-sum\/india-asia-projeto-32-de-72\/\" title=\"Projeto HIC SUM n.\u00ba 32 \u2013 \u00cdndia: detalhes e objetivos\">In\u00edcio do projeto HIC SUM n.\u00ba 32<\/a><\/p>\n<\/div>\n\n\n\n<div class=\"ss-timeline-item ss-cat-hic\">\n<p class=\"gb-text\">26.04 | <span class=\"ss-category-label\">HIC SUM<\/span> <a href=\"https:\/\/spaziospadoni.org\/pt-pt\/hic-sum\/peru-america-projeto-11-de-72\/\" title=\"Projeto HIC SUM n.\u00ba 11 \u2013 Peru: detalhes e objetivos\">In\u00edcio do projeto HIC SUM n.\u00ba 11<\/a><\/p>\n<\/div>\n\n\n\n<div class=\"ss-timeline-item ss-cat-incontro\">\n<p class=\"gb-text\">26.04 | <span class=\"ss-category-label\">Encontro<\/span> Encontros mission\u00e1rios online \u00abAs ter\u00e7as-feiras do spazio + spadoni\u00bb \u2013 Irm\u00e3 Maria Mabel De Luna Melo &amp; Irm\u00e3 Claudiane Serra Braga \u2013 Brasil<\/p>\n<\/div>\n\n\n\n<div class=\"ss-timeline-item ss-cat-hic\">\n<p class=\"gb-text\">28.04 | <span class=\"ss-category-label\">HIC SUM<\/span> <a href=\"https:\/\/spaziospadoni.org\/pt-pt\/hic-sum\/mexico-america-projeto-20-de-72\/\" title=\"Projeto HIC SUM n.\u00ba 20 \u2013 M\u00e9xico: detalhes e objetivos\">In\u00edcio do projeto HIC SUM n.\u00ba 20<\/a><\/p>\n<\/div>\n\n\n\n<div class=\"ss-timeline-item ss-cat-hic\">\n<p class=\"gb-text\">03.05 | <span class=\"ss-category-label\">HIC SUM<\/span> Inizio progetti HIC SUM \u2013 n\u00b0<a href=\"https:\/\/spaziospadoni.org\/pt-pt\/hic-sum\/republica-democratica-do-congo-africa-projeto-34-de-72\/\" title=\"Projeto HIC SUM n.\u00ba 34 \u2013 Rep\u00fablica Democr\u00e1tica do Congo: detalhes e objetivos\">34<\/a> \u2013 n.\u00ba<a href=\"https:\/\/spaziospadoni.org\/pt-pt\/hic-sum\/republica-democratica-do-congo-africa-projeto-35-de-72\/\" title=\"Projeto HIC SUM n.\u00ba 35 \u2013 Rep\u00fablica Democr\u00e1tica do Congo: detalhes e objetivos\">35<\/a><\/p>\n<\/div>\n\n\n\n<div class=\"ss-timeline-item ss-cat-incontro\">\n<p class=\"gb-text\">16.05 | <span class=\"ss-category-label\">Encontro<\/span> As Madres Gerais das Pequenas Irm\u00e3s da Evangeliza\u00e7\u00e3o e das Irm\u00e3s de Jesus Educador, ambas congolesas, encontram-se em S\u00e3o Cerb\u00f3nio<\/p>\n<\/div>\n\n\n\n<div class=\"ss-timeline-item ss-cat-hic\">\n<p class=\"gb-text\">20\u201322.05 | <span class=\"ss-category-label\">HIC SUM<\/span> Forma\u00e7\u00e3o mission\u00e1ria HIC SUM para jovens e volunt\u00e1rios interessados em partir para as miss\u00f5es<\/p>\n<\/div>\n\n\n\n<div class=\"ss-timeline-item ss-cat-incontro\">\n<p class=\"gb-text\">24.05 | <span class=\"ss-category-label\">Encontro<\/span> Encontros mission\u00e1rios online \u00abAs ter\u00e7as-feiras do spazio + spadoni\u00bb \u2013 Irm\u00e3 Odette Maria Kabarere \u2013 Ruanda<\/p>\n<\/div>\n\n\n\n<div class=\"ss-timeline-item ss-cat-incontro\">\n<p class=\"gb-text\">29.04\u201301.05 | <span class=\"ss-category-label\">Encontro<\/span> spazio + spadoni encontra-se em Roma com v\u00e1rias Madres Gerais presentes na Assembleia Plen\u00e1ria da UISG<\/p>\n<\/div>\n\n\n\n<div class=\"ss-timeline-item ss-cat-hic\">\n<p class=\"gb-text\">31.05 | <span class=\"ss-category-label\">HIC SUM<\/span> <a href=\"https:\/\/spaziospadoni.org\/pt-pt\/hic-sum\/quenia-africa-projeto-12-de-72\/\" title=\"Projeto HIC SUM n.\u00ba 12 \u2013 Qu\u00e9nia: detalhes e objetivos\">In\u00edcio do projeto HIC SUM n.\u00ba 12<\/a><\/p>\n<\/div>\n\n\n\n<div class=\"ss-timeline-item ss-cat-evento\">\n<p class=\"gb-text\">06\u201309.06 | <span class=\"ss-category-label\">Evento<\/span> Forma\u00e7\u00e3o para religiosas em S\u00e3o Cerb\u00f3nio<\/p>\n<\/div>\n\n\n\n<div class=\"ss-timeline-item ss-cat-hic\">\n<p class=\"gb-text\">06.06 | <span class=\"ss-category-label\">HIC SUM<\/span> <a href=\"https:\/\/spaziospadoni.org\/pt-pt\/hic-sum\/ruanda-africa-projeto-36-de-72\/\" title=\"Projeto HIC SUM n.\u00ba 36 \u2013 Ruanda: detalhes e objetivos\">In\u00edcio do projeto HIC SUM n.\u00ba 36<\/a><\/p>\n<\/div>\n\n\n\n<div class=\"ss-timeline-item ss-cat-hic\">\n<p class=\"gb-text\">25.07 | <span class=\"ss-category-label\">HIC SUM<\/span> <a href=\"https:\/\/spaziospadoni.org\/pt-pt\/hic-sum\/filipinas-asia-projeto-37-de-72\/\" title=\"Projeto HIC SUM n.\u00ba 37 \u2013 Filipinas: detalhes e objetivos\">In\u00edcio do projeto HIC SUM n.\u00ba 37<\/a><\/p>\n<\/div>\n\n\n\n<div class=\"ss-timeline-item ss-cat-hic\">\n<p class=\"gb-text\">04.08 | <span class=\"ss-category-label\">HIC SUM<\/span> <a href=\"https:\/\/spaziospadoni.org\/pt-pt\/hic-sum\/tanzania-africa-projeto-38-de-72\/\" title=\"Projeto HIC SUM n.\u00ba 38 \u2013 Tanz\u00e2nia: detalhes e objetivos\">In\u00edcio do projeto HIC SUM n.\u00ba 38<\/a><\/p>\n<\/div>\n\n\n\n<div class=\"ss-timeline-item ss-cat-hic\">\n<p class=\"gb-text\">10.08 | <span class=\"ss-category-label\">HIC SUM<\/span> <a href=\"https:\/\/spaziospadoni.org\/pt-pt\/hic-sum\/tanzania-africa-projeto-39-de-72\/\" title=\"Projeto HIC SUM n.\u00ba 39 \u2013 Tanz\u00e2nia: detalhes e objetivos\">In\u00edcio do projeto HIC SUM n.\u00ba 39<\/a><\/p>\n<\/div>\n\n\n\n<div class=\"ss-timeline-item ss-cat-evento\">\n<p class=\"gb-text\">07\u201311.09 | <span class=\"ss-category-label\">Evento<\/span> Conven\u00e7\u00e3o spazio + spadoni \u00abDar espa\u00e7o \u00e0 coragem\u00bb em S\u00e3o Cerb\u00f3nio<\/p>\n<\/div>\n\n\n\n<div class=\"ss-timeline-item ss-cat-evento\">\n<p class=\"gb-text\">22\u201324.09 | <span class=\"ss-category-label\">Evento<\/span> spazio + spadoni \u00e9 parceiro e participa no evento mundial organizado em Assis pelEconomy of Francesco<\/p>\n<\/div>\n\n\n\n<div class=\"ss-timeline-item ss-cat-evento\">\n<p class=\"gb-text\">29.09\u201302.10 | <span class=\"ss-category-label\">Evento<\/span> spazio + spadoni \u00e9 parceiro e participa no Festival della Missione em Mil\u00e3o<\/p>\n<\/div>\n\n\n\n<div class=\"ss-timeline-item ss-cat-hic\">\n<p class=\"gb-text\">08.10 | <span class=\"ss-category-label\">HIC SUM<\/span> <a href=\"https:\/\/spaziospadoni.org\/pt-pt\/hic-sum\/republica-democratica-do-congo-africa-projeto-40-41-de-72\/\" title=\"Projeto HIC SUM n.\u00ba 40\u201341 \u2013 Rep\u00fablica Democr\u00e1tica do Congo: detalhes e objetivos\">In\u00edcio dos projetos HIC SUM n.\u00ba 40 e 41<\/a><\/p>\n<\/div>\n\n\n\n<div class=\"ss-timeline-item ss-cat-opera\">\n<p class=\"gb-text\">21.11\u201316.12 | <span class=\"ss-category-label\">OPERA M<\/span> Curso sobre as Obras de Miseric\u00f3rdia para religiosas franc\u00f3fonas em Loppiano<\/p>\n<\/div>\n\n\n\n<div class=\"ss-timeline-item ss-cat-evento\">\n<p class=\"gb-text\">15.12 | <span class=\"ss-category-label\">Evento<\/span> Troca online de votos de Feliz Natal<\/p>\n<\/div>\n\n<\/details>\n\n\n\n<details class=\"wp-block-details ss-timeline is-layout-flow wp-block-details-is-layout-flow\"><summary><span class=\"ss-timeline-year\">2023<\/span><span class=\"ss-timeline-count\">12 etapas<\/span><\/summary>\n\n\n<div class=\"ss-timeline-item ss-cat-opera\">\n<p class=\"gb-text\">01\u201310.02 | <span class=\"ss-category-label\">OPERA M<\/span> Curso sobre as Obras de Miseric\u00f3rdia para religiosas angl\u00f3fonas em S\u00e3o Cerb\u00f3nio<\/p>\n<\/div>\n\n\n\n<div class=\"ss-timeline-item ss-cat-evento\">\n<p class=\"gb-text\">02.05 | <span class=\"ss-category-label\">Evento<\/span> Luigi Spadoni recebe a cidadania honor\u00e1ria de Rosolini<\/p>\n<\/div>\n\n\n\n<div class=\"ss-timeline-item ss-cat-incontro\">\n<p class=\"gb-text\">12.06 | <span class=\"ss-category-label\">Encontro<\/span> Luigi Spadoni participa em \u00abA segunda segunda-feira do m\u00eas\u00bb, encontros promovidos pelo Centro Nacional do Voluntariado<\/p>\n<\/div>\n\n\n\n<div class=\"ss-timeline-item ss-cat-evento\">\n<p class=\"gb-text\">24.07 | <span class=\"ss-category-label\">Evento<\/span> Luigi Spadoni recebe a Palma de Prata em Acireale<\/p>\n<\/div>\n\n\n\n<div class=\"ss-timeline-item ss-cat-opera\">\n<p class=\"gb-text\">17\u201328.07 | <span class=\"ss-category-label\">OPERA M<\/span> Encontro realizado em Lucca, intitulado \u00abDivulguemos as Obras de Miseric\u00f3rdia\u00bb, para Embaixadores e Linkers<\/p>\n<\/div>\n\n\n\n<div class=\"ss-timeline-item ss-cat-hic\">\n<p class=\"gb-text\">08.09 | <span class=\"ss-category-label\">HIC SUM<\/span> <a href=\"https:\/\/spaziospadoni.org\/pt-pt\/hic-sum\/tanzania-africa-projeto-43-de-72\/\" title=\"Projeto HIC SUM n.\u00ba 43 \u2013 Tanz\u00e2nia: detalhes e objetivos\">In\u00edcio do projeto HIC SUM n.\u00ba 43<\/a><\/p>\n<\/div>\n\n\n\n<div class=\"ss-timeline-item ss-cat-opera\">\n<p class=\"gb-text\">15\u201317.09 | <span class=\"ss-category-label\">OPERA M<\/span> Conven\u00e7\u00e3o spazio + spadoni \u00abDar espa\u00e7o \u00e0 reEvolu\u00e7\u00e3o das Obras de Miseric\u00f3rdia\u00bb em Noto<\/p>\n<\/div>\n\n\n\n<div class=\"ss-timeline-item ss-cat-incontro\">\n<p class=\"gb-text\">29.09 | <span class=\"ss-category-label\">Encontro<\/span> Dom \u00c9mile Mushosho Matabaro, bispo de Doruma, na Rep\u00fablica Democr\u00e1tica do Congo, encontra-se com o spazio + spadoni em S\u00e3o Cerb\u00f3nio<\/p>\n<\/div>\n\n\n\n<div class=\"ss-timeline-item ss-cat-hic\">\n<p class=\"gb-text\">10.10 | <span class=\"ss-category-label\">HIC SUM<\/span> <a href=\"https:\/\/spaziospadoni.org\/pt-pt\/hic-sum\/tanzania-africa-42-de-72\/\" title=\"Projeto HIC SUM n.\u00ba 42 \u2013 Tanz\u00e2nia: detalhes e objetivos\">In\u00edcio do projeto HIC SUM n.\u00ba 42<\/a><\/p>\n<\/div>\n\n\n\n<div class=\"ss-timeline-item ss-cat-hic\">\n<p class=\"gb-text\">16.11 | <span class=\"ss-category-label\">HIC SUM<\/span> <a href=\"https:\/\/spaziospadoni.org\/pt-pt\/hic-sum\/republica-democratica-do-congo-africa-projeto-44-de-72\/\" title=\"Projeto HIC SUM n.\u00ba 44 \u2013 Rep\u00fablica Democr\u00e1tica do Congo: detalhes e objetivos\">In\u00edcio do projeto HIC SUM n.\u00ba 44<\/a><\/p>\n<\/div>\n\n\n\n<div class=\"ss-timeline-item ss-cat-forum\">\n<p class=\"gb-text\">25\u201326.11 | <span class=\"ss-category-label\">F\u00f3rum<\/span> F\u00f3rum sobre a reEvolu\u00e7\u00e3o das Obras de Miseric\u00f3rdia em Cotonou, Benim<\/p>\n<\/div>\n\n\n\n<div class=\"ss-timeline-item ss-cat-forum\">\n<p class=\"gb-text\">02\u201303.12 | <span class=\"ss-category-label\">F\u00f3rum<\/span> F\u00f3rum sobre a reEvolu\u00e7\u00e3o das Obras de Miseric\u00f3rdia em Bobo-Dioulasso, Burquina Faso<\/p>\n<\/div>\n\n<\/details>\n\n\n\n<details class=\"wp-block-details ss-timeline is-layout-flow wp-block-details-is-layout-flow\"><summary><span class=\"ss-timeline-year\">2024<\/span><span class=\"ss-timeline-count\">9 etapas<\/span><\/summary>\n\n\n<div class=\"ss-timeline-item ss-cat-incontro\">\n<p class=\"gb-text\">09.03 | <span class=\"ss-category-label\">Encontro<\/span> spazio + spadoni encontra-se com as religiosas que estudam em Castel Gandolfo<\/p>\n<\/div>\n\n\n\n<div class=\"ss-timeline-item ss-cat-hic\">\n<p class=\"gb-text\">13.03 | <span class=\"ss-category-label\">HIC SUM<\/span> <a href=\"https:\/\/spaziospadoni.org\/pt-pt\/hic-sum\/madagascar-africa-projeto-45-de-72\/\" title=\"Projeto HIC SUM n.\u00ba 45 \u2013 Madag\u00e1scar: detalhes e objetivos\">In\u00edcio do projeto HIC SUM n.\u00ba 45<\/a><\/p>\n<\/div>\n\n\n\n<div class=\"ss-timeline-item ss-cat-incontro\">\n<p class=\"gb-text\">28.04 | <span class=\"ss-category-label\">Encontro<\/span> Luigi Spadoni encontra-se em Lucca com Dom Fortunatus Nwachukwu, secret\u00e1rio da Sec\u00e7\u00e3o para a Primeira Evangeliza\u00e7\u00e3o e as Novas Igrejas Particulares do Dicast\u00e9rio para a Evangeliza\u00e7\u00e3o<\/p>\n<\/div>\n\n\n\n<div class=\"ss-timeline-item ss-cat-hic\">\n<p class=\"gb-text\">03.05 | <span class=\"ss-category-label\">HIC SUM<\/span> <a href=\"https:\/\/spaziospadoni.org\/pt-pt\/hic-sum\/republica-democratica-do-congo-africa-projeto-46-de-72\/\" title=\"Projeto HIC SUM n.\u00ba 46 \u2013 Rep\u00fablica Democr\u00e1tica do Congo: detalhes e objetivos\">In\u00edcio do projeto HIC SUM n.\u00ba 46<\/a><\/p>\n<\/div>\n\n\n\n<div class=\"ss-timeline-item ss-cat-forum\">\n<p class=\"gb-text\">28\u201329.06 | <span class=\"ss-category-label\">F\u00f3rum<\/span> F\u00f3rum sobre a reEvolu\u00e7\u00e3o das Obras de Miseric\u00f3rdia em Bafia, Camar\u00f5es<\/p>\n<\/div>\n\n\n\n<div class=\"ss-timeline-item ss-cat-opera\">\n<p class=\"gb-text\">06\u201311.07 | <span class=\"ss-category-label\">OPERA M<\/span> Forma\u00e7\u00e3o sobre a reEvolu\u00e7\u00e3o das Obras de Miseric\u00f3rdia em Roma<\/p>\n<\/div>\n\n\n\n<div class=\"ss-timeline-item ss-cat-incontro\">\n<p class=\"gb-text\">11.08 | <span class=\"ss-category-label\">Encontro<\/span> Luigi Spadoni encontra-se com o padre Francesco Zambotti<\/p>\n<\/div>\n\n\n\n<div class=\"ss-timeline-item ss-cat-forum\">\n<p class=\"gb-text\">31.08\u201301.09 | <span class=\"ss-category-label\">F\u00f3rum<\/span> F\u00f3rum sobre a reEvolu\u00e7\u00e3o das Obras de Miseric\u00f3rdia em Nairobi, Qu\u00e9nia<\/p>\n<\/div>\n\n\n\n<div class=\"ss-timeline-item ss-cat-forum\">\n<p class=\"gb-text\">18\u201320.09 | <span class=\"ss-category-label\">F\u00f3rum<\/span> F\u00f3rum sobre a reEvolu\u00e7\u00e3o das Obras de Miseric\u00f3rdia em Kisangani, Rep\u00fablica Democr\u00e1tica do Congo<\/p>\n<\/div>\n\n<\/details>\n\n\n\n<details class=\"wp-block-details ss-timeline is-layout-flow wp-block-details-is-layout-flow\"><summary><span class=\"ss-timeline-year\">2025<\/span><span class=\"ss-timeline-count\">16 etapas<\/span><\/summary>\n\n\n<div class=\"ss-timeline-item ss-cat-opera\">\n<p class=\"gb-text\">26.02 | <span class=\"ss-category-label\">OPERA M<\/span> O bispo de Bafia, nos Camar\u00f5es, Emmanuel Dassi Youfang, nomeia a Irm\u00e3 Marie Noelle Messini para dirigir o primeiro Gabinete Diocesano das Obras de Miseric\u00f3rdia do mundo<\/p>\n<\/div>\n\n\n\n<div class=\"ss-timeline-item ss-cat-hic\">\n<p class=\"gb-text\">27.02 | <span class=\"ss-category-label\">HIC SUM<\/span> <a href=\"https:\/\/spaziospadoni.org\/pt-pt\/hic-sum\/nigeria-africa-projeto-47-de-72\/\" title=\"Projeto HIC SUM n.\u00ba 47 \u2013 Nig\u00e9ria: detalhes e objetivos\">In\u00edcio do projeto HIC SUM n.\u00ba 47<\/a><\/p>\n<\/div>\n\n\n\n<div class=\"ss-timeline-item ss-cat-hic\">\n<p class=\"gb-text\">14\u201330.03 | <span class=\"ss-category-label\">HIC SUM<\/span> Tr\u00eas volunt\u00e1rios da Confraria da Miseric\u00f3rdia de Adrano viajam para Madag\u00e1scar e visitam as comunidades das Irm\u00e3s do Sagrado Cora\u00e7\u00e3o de Jesus de Ragusa no \u00e2mbito do projeto HIC SUM<\/p>\n<\/div>\n\n\n\n<div class=\"ss-timeline-item ss-cat-evento\">\n<p class=\"gb-text\">05\u201309.05 | <span class=\"ss-category-label\">Evento<\/span> spazio + spadoni participa com um stand na Assembleia Plen\u00e1ria da UISG e acolhe v\u00e1rias Madres Gerais na Casa Geral das Filhas de Maria Mission\u00e1rias<\/p>\n<\/div>\n\n\n\n<div class=\"ss-timeline-item ss-cat-forum\">\n<p class=\"gb-text\">19.06 | <span class=\"ss-category-label\">F\u00f3rum<\/span> F\u00f3rum sobre a reEvolu\u00e7\u00e3o das Obras de Miseric\u00f3rdia em Lom\u00e9, Togo<\/p>\n<\/div>\n\n\n\n<div class=\"ss-timeline-item ss-cat-forum\">\n<p class=\"gb-text\">27\u201328.06 | <span class=\"ss-category-label\">F\u00f3rum<\/span> F\u00f3rum sobre a reEvolu\u00e7\u00e3o das Obras de Miseric\u00f3rdia em Bangui, Rep\u00fablica Centro-Africana<\/p>\n<\/div>\n\n\n\n<div class=\"ss-timeline-item ss-cat-forum\">\n<p class=\"gb-text\">19.07 | <span class=\"ss-category-label\">F\u00f3rum<\/span> F\u00f3rum sobre a reEvolu\u00e7\u00e3o das Obras de Miseric\u00f3rdia em Bossemb\u00e9l\u00e9, Rep\u00fablica Centro-Africana<\/p>\n<\/div>\n\n\n\n<div class=\"ss-timeline-item ss-cat-hic\">\n<p class=\"gb-text\">23.07 | <span class=\"ss-category-label\">HIC SUM<\/span> <a href=\"https:\/\/spaziospadoni.org\/pt-pt\/hic-sum\/indonesia-asia-projeto-49-de-72\/\" title=\"Projeto HIC SUM n.\u00ba 49 \u2013 Indon\u00e9sia: detalhes e objetivos\">In\u00edcio do projeto HIC SUM n.\u00ba 49<\/a><\/p>\n<\/div>\n\n\n\n<div class=\"ss-timeline-item ss-cat-incontro\">\n<p class=\"gb-text\">30.07 | <span class=\"ss-category-label\">Encontro<\/span> spazio + spadoni encontra-se com a Funda\u00e7\u00e3o San Gennaro no Rione Sanit\u00e0, em N\u00e1poles<\/p>\n<\/div>\n\n\n\n<div class=\"ss-timeline-item ss-cat-hic\">\n<p class=\"gb-text\">25.08 | <span class=\"ss-category-label\">HIC SUM<\/span> <a href=\"https:\/\/spaziospadoni.org\/pt-pt\/hic-sum\/malaui-africa-projeto-48-de-72\/\" title=\"Projeto HIC SUM n.\u00ba 48 \u2013 Mal\u00e1ui: detalhes e objetivos\">In\u00edcio do projeto HIC SUM n.\u00ba 48<\/a><\/p>\n<\/div>\n\n\n\n<div class=\"ss-timeline-item ss-cat-forum\">\n<p class=\"gb-text\">13\u201314.09 | <span class=\"ss-category-label\">F\u00f3rum<\/span> F\u00f3rum sobre a reEvolu\u00e7\u00e3o das Obras de Miseric\u00f3rdia em Mbarara, Uganda<\/p>\n<\/div>\n\n\n\n<div class=\"ss-timeline-item ss-cat-evento\">\n<p class=\"gb-text\">09\u201312.10 | <span class=\"ss-category-label\">Evento<\/span> spazio + spadoni \u00e9 parceiro e participa no Festival della Missione em Turim<\/p>\n<\/div>\n\n\n\n<div class=\"ss-timeline-item ss-cat-incontro\">\n<p class=\"gb-text\">14.10 | <span class=\"ss-category-label\">Encontro<\/span> Luigi Spadoni encontra-se em Roma com a Irm\u00e3 M. F\u00e9licit\u00e9 Mbombe, Superiora-Geral das Irm\u00e3s de Santa Teresa de Basankusu \u2013 Rep\u00fablica Democr\u00e1tica do Congo<\/p>\n<\/div>\n\n\n\n<div class=\"ss-timeline-item ss-cat-incontro\">\n<p class=\"gb-text\">14.10 | <span class=\"ss-category-label\">Encontro<\/span> Luigi Spadoni encontra-se em Roma com a Irm\u00e3 Fran\u00e7oise Bobile Mulasi, Superiora-Geral das Mission\u00e1rias de Jesus Emmanuel \u2013 Kisantu, Rep\u00fablica Democr\u00e1tica do Congo<\/p>\n<\/div>\n\n\n\n<div class=\"ss-timeline-item ss-cat-forum\">\n<p class=\"gb-text\">13.12 | <span class=\"ss-category-label\">F\u00f3rum<\/span> F\u00f3rum sobre a reEvolu\u00e7\u00e3o das Obras de Miseric\u00f3rdia em Bouar, Rep\u00fablica Centro-Africana<\/p>\n<\/div>\n\n\n\n<div class=\"ss-timeline-item ss-cat-hic\">\n<p class=\"gb-text\">15.12 | <span class=\"ss-category-label\">HIC SUM<\/span> <a href=\"https:\/\/spaziospadoni.org\/it\/hic-sum\/benin-africa-progetto-50-di-72\/\" title=\"Projeto HIC SUM n.\u00ba 50 \u2013 Benim: detalhes e objetivos\">In\u00edcio do projeto HIC SUM n.\u00ba 50<\/a><\/p>\n<\/div>\n\n<\/details>\n\n\n\n<details class=\"wp-block-details ss-timeline is-layout-flow wp-block-details-is-layout-flow\"><summary><span class=\"ss-timeline-year\">2026<\/span><span class=\"ss-timeline-count\">4 etapas<\/span><\/summary>\n\n\n<div class=\"ss-timeline-item ss-cat-forum\">\n<p class=\"gb-text\">22\u201323.01 | <span class=\"ss-category-label\">F\u00f3rum<\/span> F\u00f3rum sobre a reEvolu\u00e7\u00e3o das Obras de Miseric\u00f3rdia em Ambatondrazaka, Madag\u00e1scar<\/p>\n<\/div>\n\n\n\n<div class=\"ss-timeline-item ss-cat-incontro\">\n<p class=\"gb-text\">24.02 | <span class=\"ss-category-label\">Encontro<\/span> Rafael Baciano Sapato, sacerdote mo\u00e7ambicano e antigo diretor do Secretariado da IMBISA (Reuni\u00e3o Inter-Regional dos Bispos da \u00c1frica Austral), encontra-se com o spazio + spadoni em S\u00e3o Cerb\u00f3nio<\/p>\n<\/div>\n\n\n\n<div class=\"ss-timeline-item ss-cat-forum\">\n<p class=\"gb-text\">08.04 | <span class=\"ss-category-label\">F\u00f3rum<\/span> F\u00f3rum sobre a reEvolu\u00e7\u00e3o das Obras de Miseric\u00f3rdia para catequistas em Ambatondrazaka, Madag\u00e1scar<\/p>\n<\/div>\n\n\n\n<div class=\"ss-timeline-item ss-cat-evento\">\n<p class=\"gb-text\">22.05 | <span class=\"ss-category-label\">Evento<\/span> Luigi Spadoni participa na mesa-redonda \u00abA cultura da d\u00e1diva: um v\u00ednculo que nos une\u00bb da Assembleia Nacional da FRATRES<\/p>\n<\/div>\n\n<\/details>\n<\/div>\n\n","protected":false},"excerpt":{"rendered":"<p>As etapas de spazio + spadoni de 2020 at\u00e9 hoje De 2020 at\u00e9 hoje, recordamos as principais etapas de spazio + spadoni: projetos HIC SUM, encontros, atividades de forma\u00e7\u00e3o e iniciativas dedicadas \u00e0s Obras de Miseric\u00f3rdia em It\u00e1lia e no mundo.<\/p>\n","protected":false},"author":107,"featured_media":0,"parent":0,"menu_order":0,"comment_status":"closed","ping_status":"closed","template":"","meta":{"_sitemap_exclude":false,"_sitemap_priority":"","_sitemap_frequency":"","footnotes":""},"class_list":["post-91559","page","type-page","status-publish","infinite-scroll-item"],"yoast_head":"<!-- This site is optimized with the Yoast SEO plugin v28.4 - https:\/\/yoast.com\/product\/yoast-seo-wordpress\/ -->\n<title>Plano de a\u00e7\u00e3o | Spazio Spadoni<\/title>\n<meta name=\"description\" content=\"As etapas de spazio + spadoni de 2020 at\u00e9 hoje De 2020 at\u00e9 hoje, recordamos as principais etapas de spazio + spadoni: projetos HIC SUM, encontros,\" \/>\n<meta name=\"robots\" content=\"index, follow, max-snippet:-1, max-image-preview:large, max-video-preview:-1\" \/>\n<link rel=\"canonical\" href=\"https:\/\/spaziospadoni.org\/pt-pt\/plano-de-acao\/\" \/>\n<meta property=\"og:locale\" content=\"pt_PT\" \/>\n<meta property=\"og:type\" content=\"article\" \/>\n<meta property=\"og:title\" content=\"Plano de a\u00e7\u00e3o | Spazio Spadoni\" \/>\n<meta property=\"og:description\" content=\"As etapas de spazio + spadoni de 2020 at\u00e9 hoje De 2020 at\u00e9 hoje, recordamos as principais etapas de spazio + spadoni: projetos HIC SUM, encontros,\" \/>\n<meta property=\"og:url\" content=\"https:\/\/spaziospadoni.org\/pt-pt\/plano-de-acao\/\" \/>\n<meta property=\"og:site_name\" content=\"spazio + spadoni\" \/>\n<meta property=\"article:publisher\" content=\"https:\/\/www.facebook.com\/SpazioSpadoni\/\" \/>\n<meta property=\"article:modified_time\" content=\"2026-08-21T12:25:48+00:00\" \/>\n<meta property=\"og:image\" content=\"https:\/\/spaziospadoni.org\/wp-content\/uploads\/2026\/05\/logo-opera-m-no-sito-scritta-bianca-scaled-1.png\" \/>\n\t<meta property=\"og:image:width\" content=\"2560\" \/>\n\t<meta property=\"og:image:height\" content=\"2555\" \/>\n\t<meta property=\"og:image:type\" content=\"image\/png\" \/>\n<meta name=\"twitter:card\" content=\"summary_large_image\" \/>\n<meta name=\"twitter:label1\" content=\"Est. reading time\" \/>\n\t<meta name=\"twitter:data1\" content=\"9 minutes\" \/>\n<script type=\"application\/ld+json\" class=\"yoast-schema-graph\">{\"@context\":\"https:\\\/\\\/schema.org\",\"@graph\":[{\"@type\":\"WebPage\",\"@id\":\"https:\\\/\\\/spaziospadoni.org\\\/pt-pt\\\/plano-de-acao\\\/\",\"url\":\"https:\\\/\\\/spaziospadoni.org\\\/pt-pt\\\/plano-de-acao\\\/\",\"name\":\"Plano de a\u00e7\u00e3o | Spazio Spadoni\",\"isPartOf\":{\"@id\":\"https:\\\/\\\/spaziospadoni.org\\\/pt-pt\\\/#website\"},\"datePublished\":\"2026-08-05T09:51:42+00:00\",\"dateModified\":\"2026-08-21T12:25:48+00:00\",\"description\":\"As etapas de spazio + spadoni de 2020 at\u00e9 hoje De 2020 at\u00e9 hoje, recordamos as principais etapas de spazio + spadoni: projetos HIC SUM, encontros,\",\"breadcrumb\":{\"@id\":\"https:\\\/\\\/spaziospadoni.org\\\/pt-pt\\\/plano-de-acao\\\/#breadcrumb\"},\"inLanguage\":\"pt-PT\",\"potentialAction\":[{\"@type\":\"ReadAction\",\"target\":[\"https:\\\/\\\/spaziospadoni.org\\\/pt-pt\\\/plano-de-acao\\\/\"]}]},{\"@type\":\"BreadcrumbList\",\"@id\":\"https:\\\/\\\/spaziospadoni.org\\\/pt-pt\\\/plano-de-acao\\\/#breadcrumb\",\"itemListElement\":[{\"@type\":\"ListItem\",\"position\":1,\"name\":\"Home\",\"item\":\"https:\\\/\\\/spaziospadoni.org\\\/pt-pt\\\/\"},{\"@type\":\"ListItem\",\"position\":2,\"name\":\"Plano de a\u00e7\u00e3o\"}]},{\"@type\":\"WebSite\",\"@id\":\"https:\\\/\\\/spaziospadoni.org\\\/pt-pt\\\/#website\",\"url\":\"https:\\\/\\\/spaziospadoni.org\\\/pt-pt\\\/\",\"name\":\"spazio + spadoni\",\"description\":\"Generazione di misericordia e missione nel mondo\",\"publisher\":{\"@id\":\"https:\\\/\\\/spaziospadoni.org\\\/pt-pt\\\/#organization\"},\"alternateName\":\"spaziospadoni.org\",\"potentialAction\":[{\"@type\":\"SearchAction\",\"target\":{\"@type\":\"EntryPoint\",\"urlTemplate\":\"https:\\\/\\\/spaziospadoni.org\\\/pt-pt\\\/?s={search_term_string}\"},\"query-input\":{\"@type\":\"PropertyValueSpecification\",\"valueRequired\":true,\"valueName\":\"search_term_string\"}}],\"inLanguage\":\"pt-PT\"},{\"@type\":\"Organization\",\"@id\":\"https:\\\/\\\/spaziospadoni.org\\\/pt-pt\\\/#organization\",\"name\":\"spazio + spadoni\",\"alternateName\":\"spaziospadoni.org\",\"url\":\"https:\\\/\\\/spaziospadoni.org\\\/pt-pt\\\/\",\"logo\":{\"@type\":\"ImageObject\",\"inLanguage\":\"pt-PT\",\"@id\":\"https:\\\/\\\/spaziospadoni.org\\\/pt-pt\\\/#\\\/schema\\\/logo\\\/image\\\/\",\"url\":\"https:\\\/\\\/spaziospadoni.org\\\/wp-content\\\/uploads\\\/2026\\\/05\\\/spazio-spadoni-logo-100x100-1.webp\",\"contentUrl\":\"https:\\\/\\\/spaziospadoni.org\\\/wp-content\\\/uploads\\\/2026\\\/05\\\/spazio-spadoni-logo-100x100-1.webp\",\"width\":100,\"height\":100,\"caption\":\"spazio + spadoni\"},\"image\":{\"@id\":\"https:\\\/\\\/spaziospadoni.org\\\/pt-pt\\\/#\\\/schema\\\/logo\\\/image\\\/\"},\"sameAs\":[\"https:\\\/\\\/www.facebook.com\\\/SpazioSpadoni\\\/\",\"https:\\\/\\\/www.instagram.com\\\/spaziospadoni\\\/\",\"https:\\\/\\\/www.youtube.com\\\/@spaziospadoni\\\/playlists\"]}]}<\/script>\n<!-- \/ Yoast SEO plugin. -->","yoast_head_json":{"title":"Plano de a\u00e7\u00e3o | Spazio Spadoni","description":"As etapas de spazio + spadoni de 2020 at\u00e9 hoje De 2020 at\u00e9 hoje, recordamos as principais etapas de spazio + spadoni: projetos HIC SUM, encontros,","robots":{"index":"index","follow":"follow","max-snippet":"max-snippet:-1","max-image-preview":"max-image-preview:large","max-video-preview":"max-video-preview:-1"},"canonical":"https:\/\/spaziospadoni.org\/pt-pt\/plano-de-acao\/","og_locale":"pt_PT","og_type":"article","og_title":"Plano de a\u00e7\u00e3o | Spazio Spadoni","og_description":"As etapas de spazio + spadoni de 2020 at\u00e9 hoje De 2020 at\u00e9 hoje, recordamos as principais etapas de spazio + spadoni: projetos HIC SUM, encontros,","og_url":"https:\/\/spaziospadoni.org\/pt-pt\/plano-de-acao\/","og_site_name":"spazio + spadoni","article_publisher":"https:\/\/www.facebook.com\/SpazioSpadoni\/","article_modified_time":"2026-08-21T12:25:48+00:00","og_image":[{"width":2560,"height":2555,"url":"https:\/\/spaziospadoni.org\/wp-content\/uploads\/2026\/05\/logo-opera-m-no-sito-scritta-bianca-scaled-1.png","type":"image\/png"}],"twitter_card":"summary_large_image","twitter_misc":{"Est. reading time":"9 minutes"},"schema":{"@context":"https:\/\/schema.org","@graph":[{"@type":"WebPage","@id":"https:\/\/spaziospadoni.org\/pt-pt\/plano-de-acao\/","url":"https:\/\/spaziospadoni.org\/pt-pt\/plano-de-acao\/","name":"Plano de a\u00e7\u00e3o | Spazio Spadoni","isPartOf":{"@id":"https:\/\/spaziospadoni.org\/pt-pt\/#website"},"datePublished":"2026-08-05T09:51:42+00:00","dateModified":"2026-08-21T12:25:48+00:00","description":"As etapas de spazio + spadoni de 2020 at\u00e9 hoje De 2020 at\u00e9 hoje, recordamos as principais etapas de spazio + spadoni: projetos HIC SUM, encontros,","breadcrumb":{"@id":"https:\/\/spaziospadoni.org\/pt-pt\/plano-de-acao\/#breadcrumb"},"inLanguage":"pt-PT","potentialAction":[{"@type":"ReadAction","target":["https:\/\/spaziospadoni.org\/pt-pt\/plano-de-acao\/"]}]},{"@type":"BreadcrumbList","@id":"https:\/\/spaziospadoni.org\/pt-pt\/plano-de-acao\/#breadcrumb","itemListElement":[{"@type":"ListItem","position":1,"name":"Home","item":"https:\/\/spaziospadoni.org\/pt-pt\/"},{"@type":"ListItem","position":2,"name":"Plano de a\u00e7\u00e3o"}]},{"@type":"WebSite","@id":"https:\/\/spaziospadoni.org\/pt-pt\/#website","url":"https:\/\/spaziospadoni.org\/pt-pt\/","name":"spazio + spadoni","description":"Generazione di misericordia e missione nel mondo","publisher":{"@id":"https:\/\/spaziospadoni.org\/pt-pt\/#organization"},"alternateName":"spaziospadoni.org","potentialAction":[{"@type":"SearchAction","target":{"@type":"EntryPoint","urlTemplate":"https:\/\/spaziospadoni.org\/pt-pt\/?s={search_term_string}"},"query-input":{"@type":"PropertyValueSpecification","valueRequired":true,"valueName":"search_term_string"}}],"inLanguage":"pt-PT"},{"@type":"Organization","@id":"https:\/\/spaziospadoni.org\/pt-pt\/#organization","name":"spazio + spadoni","alternateName":"spaziospadoni.org","url":"https:\/\/spaziospadoni.org\/pt-pt\/","logo":{"@type":"ImageObject","inLanguage":"pt-PT","@id":"https:\/\/spaziospadoni.org\/pt-pt\/#\/schema\/logo\/image\/","url":"https:\/\/spaziospadoni.org\/wp-content\/uploads\/2026\/05\/spazio-spadoni-logo-100x100-1.webp","contentUrl":"https:\/\/spaziospadoni.org\/wp-content\/uploads\/2026\/05\/spazio-spadoni-logo-100x100-1.webp","width":100,"height":100,"caption":"spazio + spadoni"},"image":{"@id":"https:\/\/spaziospadoni.org\/pt-pt\/#\/schema\/logo\/image\/"},"sameAs":["https:\/\/www.facebook.com\/SpazioSpadoni\/","https:\/\/www.instagram.com\/spaziospadoni\/","https:\/\/www.youtube.com\/@spaziospadoni\/playlists"]}]}},"_links":{"self":[{"href":"https:\/\/spaziospadoni.org\/pt-pt\/wp-json\/wp\/v2\/pages\/91559","targetHints":{"allow":["GET"]}}],"collection":[{"href":"https:\/\/spaziospadoni.org\/pt-pt\/wp-json\/wp\/v2\/pages"}],"about":[{"href":"https:\/\/spaziospadoni.org\/pt-pt\/wp-json\/wp\/v2\/types\/page"}],"author":[{"embeddable":true,"href":"https:\/\/spaziospadoni.org\/pt-pt\/wp-json\/wp\/v2\/users\/107"}],"replies":[{"embeddable":true,"href":"https:\/\/spaziospadoni.org\/pt-pt\/wp-json\/wp\/v2\/comments?post=91559"}],"version-history":[{"count":1,"href":"https:\/\/spaziospadoni.org\/pt-pt\/wp-json\/wp\/v2\/pages\/91559\/revisions"}],"predecessor-version":[{"id":91560,"href":"https:\/\/spaziospadoni.org\/pt-pt\/wp-json\/wp\/v2\/pages\/91559\/revisions\/91560"}],"wp:attachment":[{"href":"https:\/\/spaziospadoni.org\/pt-pt\/wp-json\/wp\/v2\/media?parent=91559"}],"curies":[{"name":"wp","href":"https:\/\/api.w.org\/{rel}","templated":true}]}}